{"id":35,"date":"2023-03-20T15:37:00","date_gmt":"2023-03-20T19:37:00","guid":{"rendered":"https:\/\/stlawrencemarathon.ca\/?page_id=35"},"modified":"2025-04-07T13:14:03","modified_gmt":"2025-04-07T17:14:03","slug":"information","status":"publish","type":"page","link":"https:\/\/stlawrencemarathon.ca\/fr\/information\/","title":{"rendered":"Informations"},"content":{"rendered":"<div class=\"wp-block-group offset-100px accent-border-left has-background is-layout-constrained wp-block-group-is-layout-constrained\" style=\"background-color:#f9f9f9\">\n<h2 class=\"wp-block-heading\">Saturday April, 26, 2025<\/h2>\n\n\n\n<p><\/p>\n\n\n\n<figure class=\"wp-block-table is-style-stripes\"><table><tbody><tr><td><strong>5h45<\/strong><\/td><td>Le premier autobus quitte le coll\u00e8ge pour la ligne de d\u00e9part du marathon&nbsp;&nbsp;<a rel=\"noreferrer noopener\" href=\"https:\/\/www.google.ca\/maps\/place\/St.+Lawrence+College\/@45.0169419,-74.7025784,15z\/data=!4m5!3m4!1s0x0:0x23387228a463e48!8m2!3d45.0169419!4d-74.7025784\" target=\"_blank\">Carte<\/a><\/td><\/tr><tr><td><strong>6h<\/strong><\/td><td>Le dernier autobus quitte le coll\u00e8ge pour la ligne de d\u00e9part du marathon&nbsp;<a rel=\"noreferrer noopener\" href=\"https:\/\/www.google.ca\/maps\/place\/St.+Lawrence+College\/@45.0169419,-74.7025784,15z\/data=!4m5!3m4!1s0x0:0x23387228a463e48!8m2!3d45.0169419!4d-74.7025784\" target=\"_blank\">Carte<\/a><\/td><\/tr><tr><td><strong>7h<\/strong><\/td><td>D\u00e9part du Marathon&nbsp;<a rel=\"noreferrer noopener\" href=\"https:\/\/www.google.ca\/maps\/place\/Crysler+Park+Marina\/@44.9381325,-75.090956,15z\/data=!4m2!3m1!1s0x0:0x4d816f31e35163b8?ved=2ahUKEwjQ4dGzt5HfAhWQn4MKHdnbDg8Q_BIwDnoECAYQCA\" target=\"_blank\">Carte<\/a><\/td><\/tr><tr><td><strong>9h<\/strong><\/td><td>D\u00e9part Demi-Marathon&nbsp;<a rel=\"noreferrer noopener\" href=\"https:\/\/www.google.ca\/maps\/place\/St.+Lawrence+College\/@45.0169419,-74.7025784,15z\/data=!4m5!3m4!1s0x0:0x23387228a463e48!8m2!3d45.0169419!4d-74.7025784\" target=\"_blank\">Carte<\/a><\/td><\/tr><tr><td><strong>10h<\/strong><\/td><td>D\u00e9part 10km&nbsp;<a rel=\"noreferrer noopener\" href=\"https:\/\/www.google.ca\/maps\/place\/St.+Lawrence+College\/@45.0169419,-74.7025784,15z\/data=!4m5!3m4!1s0x0:0x23387228a463e48!8m2!3d45.0169419!4d-74.7025784\" target=\"_blank\">Carte<\/a><\/td><\/tr><tr><td><strong>10h<\/strong><\/td><td>D\u00e9part 5km&nbsp;<a rel=\"noreferrer noopener\" href=\"https:\/\/www.google.ca\/maps\/place\/St.+Lawrence+College\/@45.0169419,-74.7025784,15z\/data=!4m5!3m4!1s0x0:0x23387228a463e48!8m2!3d45.0169419!4d-74.7025784\" target=\"_blank\">Carte<\/a><\/td><\/tr><tr><td><strong>11h<\/strong><\/td><td>C\u00e9r\u00e9monie des Prix&nbsp;<a rel=\"noreferrer noopener\" href=\"https:\/\/www.google.ca\/maps\/place\/St.+Lawrence+College\/@45.0169419,-74.7025784,15z\/data=!4m5!3m4!1s0x0:0x23387228a463e48!8m2!3d45.0169419!4d-74.7025784\" target=\"_blank\">Carte<\/a><\/td><\/tr><tr><td><strong>13h<\/strong><\/td><td>Ligne d'arriv\u00e9e ferm\u00e9e&nbsp;<a rel=\"noreferrer noopener\" href=\"https:\/\/www.google.ca\/maps\/place\/St.+Lawrence+College\/@45.0169419,-74.7025784,15z\/data=!4m5!3m4!1s0x0:0x23387228a463e48!8m2!3d45.0169419!4d-74.7025784\" target=\"_blank\">Carte<\/a><\/td><\/tr><\/tbody><\/table><\/figure>\n\n\n\n<p><\/p>\n\n\n\n<div class=\"wp-block-buttons is-layout-flex wp-block-buttons-is-layout-flex\">\n<div class=\"wp-block-button\"><a class=\"wp-block-button__link wp-element-button\" href=\"\/fr\/registration\/\">S'inscrire Maintenant<\/a><\/div>\n<\/div>\n<\/div>\n\n\n\n<div style=\"height:60px\" aria-hidden=\"true\" class=\"wp-block-spacer\"><\/div>\n\n\n\n<h3 class=\"wp-block-heading no-margin\">Ramassage du dossards<\/h3>\n\n\n\n<h4 class=\"wp-block-heading\">Marathon<\/h4>\n\n\n\n<p>Les dossards peuvent \u00eatre r\u00e9cup\u00e9r\u00e9s au&nbsp;<a href=\"https:\/\/www.bestwestern.com\/en_US\/book\/hotels-in-cornwall\/best-western-parkway-inn-conference-centre\/propertyCode.66019.html\">Best Western Cornwall<\/a>&nbsp;(<a href=\"https:\/\/www.google.com\/maps\/place\/1515+Vincent+Massey+Dr,+Cornwall,+ON+K6H+5R6\/@45.0314993,-74.7593104,17z\/data=!3m1!4b1!4m5!3m4!1s0x4ccc19d7cdbb47c7:0xeb09a08a56eab8f3!8m2!3d45.0314993!4d-74.7571217\">1515 promenade Vincent Massey, Cornwall, ON K6H 5R6<\/a>) Thursday April 24 from 4-8pm and Friday April 25 from 12-8pm.&nbsp;***IMPORTANT \u2014&nbsp;Marathon runners must pick up kits during these times. There will be no race day kit pick up for marathon runners.***<\/p>\n\n\n\n<h4 class=\"wp-block-heading\">Demi-marathon, 10 km et 5 km<\/h4>\n\n\n\n<p>Les dossards peuvent \u00eatre r\u00e9cup\u00e9r\u00e9s au&nbsp;<a href=\"https:\/\/www.bestwestern.com\/en_US\/book\/hotels-in-cornwall\/best-western-parkway-inn-conference-centre\/propertyCode.66019.html\">Best Western Cornwall<\/a>&nbsp;(<a href=\"https:\/\/www.google.com\/maps\/place\/1515+Vincent+Massey+Dr,+Cornwall,+ON+K6H+5R6\/@45.0314993,-74.7593104,17z\/data=!3m1!4b1!4m5!3m4!1s0x4ccc19d7cdbb47c7:0xeb09a08a56eab8f3!8m2!3d45.0314993!4d-74.7571217\">1515 promenade Vincent Massey, Cornwall, ON K6H 5R6<\/a>) Thursday April 24 from 4pm-8pm and Friday April 25 from 12-8pm.<\/p>\n\n\n\n<p>Ou le jour de la course au&nbsp;<a href=\"https:\/\/www.google.com\/maps\/place\/St.+Lawrence+College\/@45.0169419,-74.7025784,15z\/data=!4m5!3m4!1s0x0:0x23387228a463e48!8m2!3d45.0169419!4d-74.7025784\">St. Lawrence College<\/a>&nbsp;site de course \u00e0 partir de 7h.<\/p>\n\n\n\n<hr class=\"wp-block-separator has-alpha-channel-opacity\"\/>\n\n\n\n<h3 class=\"wp-block-heading\">H\u00e9bergement<\/h3>\n\n\n\n<p>We have put aside a block of 20 rooms for the Marathoners at a 15% discount on the Thursday, Friday and the Saturday. As we get close to the date these rooms will go back into circulation till we sell out. Best for people to book early as there is a Hockey Tournament that weekend in town called the Bordertown Challenge. They can either call the hotel directly at 613-932-0451 and let the front desk know they are with the marathon to get the discount.&nbsp;<\/p>\n\n\n\n<hr class=\"wp-block-separator has-alpha-channel-opacity\"\/>\n\n\n\n<h3 class=\"wp-block-heading\">COMMANDITAIRES 2025<\/h3>\n\n\n\n<p>Nous souhaitons remerciez nos commanditaires pour 2025 :<\/p>\n\n\n\n<p>SDG Tourism&nbsp;<a href=\"https:\/\/whereontariobegan.ca\/\" target=\"_blank\" rel=\"noreferrer noopener\">https:\/\/whereontariobegan.ca\/<\/a><\/p>\n\n\n\n<p>Cornwall Tourism&nbsp;<a href=\"https:\/\/cornwalltourism.com\/\" target=\"_blank\" rel=\"noreferrer noopener\">https:\/\/cornwalltourism.com\/<\/a><\/p>\n\n\n\n<p>Parks of the St. Lawrence&nbsp;<a href=\"https:\/\/www.stlawrenceparks.com\/\" target=\"_blank\" rel=\"noreferrer noopener\">https:\/\/www.stlawrenceparks.com\/<\/a><\/p>\n\n\n\n<p>Choose Cornwall&nbsp;<a href=\"https:\/\/choosecornwall.ca\/\" target=\"_blank\" rel=\"noreferrer noopener\">https:\/\/choosecornwall.ca\/<\/a><\/p>\n\n\n\n<hr class=\"wp-block-separator has-alpha-channel-opacity\"\/>\n\n\n\n<h3 class=\"wp-block-heading\">R\u00e9compenses et Prix<\/h3>\n\n\n\n<p>Tous les participants qui terminent leur distance recevront une m\u00e9daille de finisseur en \u00e9dition sp\u00e9ciale.<\/p>\n\n\n\n<p>Tous les participants recevront un t-shirt.<\/p>\n\n\n\n<p>Les prix des meilleurs finisseurs seront d\u00e9cern\u00e9s aux trois meilleurs athl\u00e8tes masculins et f\u00e9minins de chaque distance.<\/p>\n\n\n\n<hr class=\"wp-block-separator has-alpha-channel-opacity\"\/>\n\n\n\n<h3 class=\"wp-block-heading\">Parking<\/h3>\n\n\n\n<p>Il y a beaucoup de places de stationnement gratuites le jour de la course au St. Lawrence College. Veuillez vous garer sur le terrain est, pr\u00e8s du th\u00e9\u00e2tre d'Aultsville. Le stationnement n'est autoris\u00e9 qu'\u00e0 la marina du parc Crysler pendant le d\u00e9part de la course.<\/p>\n\n\n\n<hr class=\"wp-block-separator has-alpha-channel-opacity\"\/>\n\n\n\n<h3 class=\"wp-block-heading\">Douches et vestiaires<\/h3>\n\n\n\n<p>Les athl\u00e8tes auront acc\u00e8s aux vestiaires du St. Lawrence College. (Les douches sont connues pour \u00eatre un peu fra\u00eeches). Les vestiaires sont accessibles depuis le gymnase.<\/p>\n\n\n\n<hr class=\"wp-block-separator has-alpha-channel-opacity\"\/>\n\n\n\n<h3 class=\"wp-block-heading\">Rafra\u00eechissements apr\u00e8s l'\u00e9v\u00e9nement<\/h3>\n\n\n\n<p>Il y aura des rafra\u00eechissements apr\u00e8s la course pour tous les participants dans le gymnase du St. Lawrence College.<\/p>\n\n\n\n<div style=\"height:30px\" aria-hidden=\"true\" class=\"wp-block-spacer\"><\/div>\n\n\n\n<h6 class=\"wp-block-heading has-text-align-center\">Notre \u00e9quipe<\/h6>\n\n\n\n<h2 class=\"wp-block-heading has-text-align-center no-margin\">Comit\u00e9 de course<\/h2>\n\n\n\n<p><\/p>\n\n\n\n<div class=\"wp-block-media-text is-stacked-on-mobile is-vertically-aligned-top\" style=\"grid-template-columns:25% auto\"><figure class=\"wp-block-media-text__media\"><img decoding=\"async\" width=\"1024\" height=\"1024\" src=\"https:\/\/stlawrencemarathon.ca\/wp-content\/uploads\/2023\/03\/38860584_10160318085075538_1230414306743418880_n-crop-1024x1024.jpg\" alt=\"\" class=\"wp-image-561 size-full\" srcset=\"https:\/\/stlawrencemarathon.ca\/wp-content\/uploads\/2023\/03\/38860584_10160318085075538_1230414306743418880_n-crop-1024x1024.jpg 1024w, https:\/\/stlawrencemarathon.ca\/wp-content\/uploads\/2023\/03\/38860584_10160318085075538_1230414306743418880_n-crop-980x980.jpg 980w, https:\/\/stlawrencemarathon.ca\/wp-content\/uploads\/2023\/03\/38860584_10160318085075538_1230414306743418880_n-crop-480x480.jpg 480w\" sizes=\"(min-width: 0px) and (max-width: 480px) 480px, (min-width: 481px) and (max-width: 980px) 980px, (min-width: 981px) 1024px, 100vw\" \/><\/figure><div class=\"wp-block-media-text__content\">\n<p><\/p>\n\n\n\n<h4 class=\"wp-block-heading\">Sebastian Warner<\/h4>\n\n\n\n<p>Rencontrez votre directeur de course ! Sebastian est un ultra-marathonien accompli, ayant parcouru des distances allant jusqu'\u00e0 100 miles et des \u00e9v\u00e9nements de plusieurs jours. Il s'est qualifi\u00e9 pour le prestigieux Ultra-Trail Mont Blanc. Malgr\u00e9 ces exploits, les racines de course de Sebastian remontent \u00e0 cet \u00e9v\u00e9nement pour lequel il a un profond amour. Il a essay\u00e9 une fois de courir notre marathon dans un t-rex gonflable.<\/p>\n<\/div><\/div>\n\n\n\n<div style=\"height:30px\" aria-hidden=\"true\" class=\"wp-block-spacer\"><\/div>\n\n\n\n<div class=\"wp-block-media-text is-stacked-on-mobile is-vertically-aligned-top\" style=\"grid-template-columns:25% auto\"><figure class=\"wp-block-media-text__media\"><img decoding=\"async\" width=\"263\" height=\"264\" src=\"https:\/\/stlawrencemarathon.ca\/wp-content\/uploads\/2023\/03\/stlm-31-crop.jpg\" alt=\"\" class=\"wp-image-564 size-full\" srcset=\"https:\/\/stlawrencemarathon.ca\/wp-content\/uploads\/2023\/03\/stlm-31-crop.jpg 263w, https:\/\/stlawrencemarathon.ca\/wp-content\/uploads\/2023\/03\/stlm-31-crop-150x150.jpg 150w, https:\/\/stlawrencemarathon.ca\/wp-content\/uploads\/2023\/03\/stlm-31-crop-12x12.jpg 12w\" sizes=\"(max-width: 263px) 100vw, 263px\" \/><\/figure><div class=\"wp-block-media-text__content\">\n<p><\/p>\n\n\n\n<h4 class=\"wp-block-heading\">Karen Torrie-Racine<\/h4>\n\n\n\n<p>Un membre original de l'\u00e9quipe. Karen est impliqu\u00e9e dans cette course depuis le premier jour. Travaillant pour la Soci\u00e9t\u00e9 de la SP, elle a organis\u00e9 cette course 18 fois. Elle est maintenant retrait\u00e9e de la Soci\u00e9t\u00e9 de la SP, mais continue d'\u00eatre tr\u00e8s impliqu\u00e9e dans la communaut\u00e9 de Cornwall. Elle adore faire rire les gens, elle est toujours en retard et vous devriez lui demander quel est son mot pr\u00e9f\u00e9r\u00e9 !<\/p>\n<\/div><\/div>\n\n\n\n<div style=\"height:30px\" aria-hidden=\"true\" class=\"wp-block-spacer\"><\/div>\n\n\n\n<div class=\"wp-block-media-text is-stacked-on-mobile is-vertically-aligned-top\" style=\"grid-template-columns:25% auto\"><figure class=\"wp-block-media-text__media\"><img decoding=\"async\" width=\"524\" height=\"523\" src=\"https:\/\/stlawrencemarathon.ca\/wp-content\/uploads\/2023\/03\/264210847_422981982894585_2990769887603995589_n-crop.jpg\" alt=\"\" class=\"wp-image-562 size-full\" srcset=\"https:\/\/stlawrencemarathon.ca\/wp-content\/uploads\/2023\/03\/264210847_422981982894585_2990769887603995589_n-crop.jpg 524w, https:\/\/stlawrencemarathon.ca\/wp-content\/uploads\/2023\/03\/264210847_422981982894585_2990769887603995589_n-crop-480x479.jpg 480w\" sizes=\"(min-width: 0px) and (max-width: 480px) 480px, (min-width: 481px) 524px, 100vw\" \/><\/figure><div class=\"wp-block-media-text__content\">\n<p><\/p>\n\n\n\n<h4 class=\"wp-block-heading\">Rachel Poirier<\/h4>\n\n\n\n<p>Rachel est un nouveau membre de l'\u00e9quipe de course. Elle a couru le parcours du Saint-Laurent \u00e0 plusieurs reprises et a h\u00e2te de ramener la course \u00e0 Cornwall apr\u00e8s une interruption de Covid. Elle est \u00e9galement tr\u00e9sori\u00e8re b\u00e9n\u00e9vole du Cornwall Multisport Club (depuis 2017).<\/p>\n<\/div><\/div>\n\n\n\n<div style=\"height:30px\" aria-hidden=\"true\" class=\"wp-block-spacer\"><\/div>\n\n\n\n<div class=\"wp-block-media-text is-stacked-on-mobile is-vertically-aligned-top\" style=\"grid-template-columns:25% auto\"><figure class=\"wp-block-media-text__media\"><img decoding=\"async\" width=\"400\" height=\"401\" src=\"https:\/\/stlawrencemarathon.ca\/wp-content\/uploads\/2023\/03\/stlm-30-crop.jpg\" alt=\"\" class=\"wp-image-563 size-full\" srcset=\"https:\/\/stlawrencemarathon.ca\/wp-content\/uploads\/2023\/03\/stlm-30-crop.jpg 400w, https:\/\/stlawrencemarathon.ca\/wp-content\/uploads\/2023\/03\/stlm-30-crop-300x300.jpg 300w, https:\/\/stlawrencemarathon.ca\/wp-content\/uploads\/2023\/03\/stlm-30-crop-150x150.jpg 150w, https:\/\/stlawrencemarathon.ca\/wp-content\/uploads\/2023\/03\/stlm-30-crop-12x12.jpg 12w\" sizes=\"(max-width: 400px) 100vw, 400px\" \/><\/figure><div class=\"wp-block-media-text__content\">\n<p><\/p>\n\n\n\n<h4 class=\"wp-block-heading\">John Racine<\/h4>\n\n\n\n<p>C'est la quatri\u00e8me ann\u00e9e de John au comit\u00e9 de course. Il y court chaque ann\u00e9e depuis 2015 et pense que c'est fantastique ! Il reste en forme pour \u00eatre un bon exemple pour ses enfants et travaille dur pour \u00eatre l'un des meilleurs coureurs de notre r\u00e9gion. John peut \u00eatre trouv\u00e9 au travail au Best Western, faisant du b\u00e9n\u00e9volat avec le Kinsmen Club ou courant sur les sentiers locaux.<\/p>\n<\/div><\/div>\n\n\n\n<div style=\"height:30px\" aria-hidden=\"true\" class=\"wp-block-spacer\"><\/div>","protected":false},"excerpt":{"rendered":"<p>Saturday April, 26, 2025 5:45am First Bus leaves College for Marathon Start Line&nbsp;&nbsp;Map 6am Last Bus leaves College for Marathon Start Line&nbsp;Map 7am Marathon Start&nbsp;Map 9am Half Marathon Start&nbsp;Map 10am 10km Start&nbsp;Map 10am 5km Start&nbsp;Map 11am Awards Ceremony&nbsp;Map 1pm Finish Line Closed&nbsp;Map Race Kit Pickup Marathon Race kits can be picked up at the&nbsp;Best Western [&hellip;]<\/p>","protected":false},"author":1,"featured_media":550,"parent":0,"menu_order":0,"comment_status":"closed","ping_status":"closed","template":"","meta":{"_acf_changed":false,"_et_pb_use_builder":"","_et_pb_old_content":"","_et_gb_content_width":"","footnotes":""},"class_list":["post-35","page","type-page","status-publish","has-post-thumbnail","hentry"],"acf":[],"_links":{"self":[{"href":"https:\/\/stlawrencemarathon.ca\/fr\/wp-json\/wp\/v2\/pages\/35","targetHints":{"allow":["GET"]}}],"collection":[{"href":"https:\/\/stlawrencemarathon.ca\/fr\/wp-json\/wp\/v2\/pages"}],"about":[{"href":"https:\/\/stlawrencemarathon.ca\/fr\/wp-json\/wp\/v2\/types\/page"}],"author":[{"embeddable":true,"href":"https:\/\/stlawrencemarathon.ca\/fr\/wp-json\/wp\/v2\/users\/1"}],"replies":[{"embeddable":true,"href":"https:\/\/stlawrencemarathon.ca\/fr\/wp-json\/wp\/v2\/comments?post=35"}],"version-history":[{"count":52,"href":"https:\/\/stlawrencemarathon.ca\/fr\/wp-json\/wp\/v2\/pages\/35\/revisions"}],"predecessor-version":[{"id":754,"href":"https:\/\/stlawrencemarathon.ca\/fr\/wp-json\/wp\/v2\/pages\/35\/revisions\/754"}],"wp:featuredmedia":[{"embeddable":true,"href":"https:\/\/stlawrencemarathon.ca\/fr\/wp-json\/wp\/v2\/media\/550"}],"wp:attachment":[{"href":"https:\/\/stlawrencemarathon.ca\/fr\/wp-json\/wp\/v2\/media?parent=35"}],"curies":[{"name":"wp","href":"https:\/\/api.w.org\/{rel}","templated":true}]}}